{"version":"1.0","provider_name":"Centro Guerrero","provider_url":"https:\/\/centroguerrero.es\/en\/","author_name":"Redacci\u00f3n CJG","author_url":"https:\/\/centroguerrero.es\/en\/author\/edicion\/","title":"El Centro Jos\u00e9 Guerrero vuelve a ser objeto de estudio de una tesis - Centro Guerrero","type":"rich","width":600,"height":338,"html":"<blockquote class=\"wp-embedded-content\" data-secret=\"giOtR2dGrP\"><a href=\"https:\/\/centroguerrero.es\/en\/centro-jose-guerrero-vuelve-objeto-estudio-una-tesis\/\">El Centro Jos\u00e9 Guerrero vuelve a ser objeto de estudio de una tesis<\/a><\/blockquote><iframe sandbox=\"allow-scripts\" security=\"restricted\" src=\"https:\/\/centroguerrero.es\/en\/centro-jose-guerrero-vuelve-objeto-estudio-una-tesis\/embed\/#?secret=giOtR2dGrP\" width=\"600\" height=\"338\" title=\"&#8220;El Centro Jos\u00e9 Guerrero vuelve a ser objeto de estudio de una tesis&#8221; &#8212; Centro Guerrero\" data-secret=\"giOtR2dGrP\" frameborder=\"0\" marginwidth=\"0\" marginheight=\"0\" scrolling=\"no\" class=\"wp-embedded-content\"><\/iframe><script type=\"text\/javascript\">\n\/* <![CDATA[ *\/\n\/*! This file is auto-generated *\/\n!function(d,l){\"use strict\";l.querySelector&&d.addEventListener&&\"undefined\"!=typeof URL&&(d.wp=d.wp||{},d.wp.receiveEmbedMessage||(d.wp.receiveEmbedMessage=function(e){var t=e.data;if((t||t.secret||t.message||t.value)&&!\/[^a-zA-Z0-9]\/.test(t.secret)){for(var s,r,n,a=l.querySelectorAll('iframe[data-secret=\"'+t.secret+'\"]'),o=l.querySelectorAll('blockquote[data-secret=\"'+t.secret+'\"]'),c=new RegExp(\"^https?:$\",\"i\"),i=0;i<o.length;i++)o[i].style.display=\"none\";for(i=0;i<a.length;i++)s=a[i],e.source===s.contentWindow&&(s.removeAttribute(\"style\"),\"height\"===t.message?(1e3<(r=parseInt(t.value,10))?r=1e3:~~r<200&&(r=200),s.height=r):\"link\"===t.message&&(r=new URL(s.getAttribute(\"src\")),n=new URL(t.value),c.test(n.protocol))&&n.host===r.host&&l.activeElement===s&&(d.top.location.href=t.value))}},d.addEventListener(\"message\",d.wp.receiveEmbedMessage,!1),l.addEventListener(\"DOMContentLoaded\",function(){for(var e,t,s=l.querySelectorAll(\"iframe.wp-embedded-content\"),r=0;r<s.length;r++)(t=(e=s[r]).getAttribute(\"data-secret\"))||(t=Math.random().toString(36).substring(2,12),e.src+=\"#?secret=\"+t,e.setAttribute(\"data-secret\",t)),e.contentWindow.postMessage({message:\"ready\",secret:t},\"*\")},!1)))}(window,document);\n\/* ]]> *\/\n<\/script>\n","thumbnail_url":"https:\/\/centroguerrero.es\/wp-content\/uploads\/2017\/03\/IMG-20170314-WA0002.jpg","thumbnail_width":1200,"thumbnail_height":1600,"description":"La artista y educadora del Museo Thyssen-Bornemisza \u00c1ngeles Cutillas ha defendido esta ma\u00f1ana en Granada su tesis \"El Centro Jos\u00e9 Guerrero (2000-2015). Valores de la instituci\u00f3n, aportaciones a la obra de Jos\u00e9 Guerrero e influencia en la creaci\u00f3n art\u00edstica personal\", con la que se ha doctorado en Bellas Artes."}